{"version":"1.0","provider_name":"Creative Ellie","provider_url":"https:\/\/creativeellie.cafeblog.hu","author_name":"creative ellie","author_url":"https:\/\/creativeellie.cafeblog.hu\/author\/creative_ellie\/","title":"P\u00f6tty\u00f6s sz\u00e9kp\u00e1rna","html":"<p>Biztos sok mindenkinek ismer\u0151s a Jysk-nek ez az asztala:<\/p>\r\n<p><a href=\"http:\/\/jysk.hu\/nappali\/etkezogarniturak\/asztal-vejstrup-2-vejstrup-szek\"><img class=\"size-medium wp-image-37 aligncenter\" src=\"https:\/\/creativeellie.cafeblog.hu\/files\/2016\/11\/4371-238x300.jpg\" alt=\"4371\" width=\"238\" height=\"300\" \/><\/a><\/p>\r\n<p>&nbsp;<\/p>\r\n<p>\u00c9n nagyon szeretem, t\u00f6bb \u00e9ve megvan. K\u00e9t kis \"probl\u00e9m\u00e1m\" van csak vele. Az egyik, hogy kem\u00e9ny a sz\u00e9k. A m\u00e1sikr\u00f3l majd a k\u00f6vetkez\u0151 bejegyz\u00e9sben \u00edrok. Sz\u00f3val, j\u00f3 ez a sz\u00e9k \u00edgy is, de egy p\u00e1rn\u00e1val k\u00e9nyelmesebb\u00e9 tehet\u0151. Viszont a boltokban nem nagyon tal\u00e1ltam k\u00f6r alak\u00fa p\u00e1rn\u00e1t. Ha volt is, az mind nagyobb volt mint ami nekem kellett. \u00dagy d\u00f6nt\u00f6ttem, hogy csin\u00e1lok magamnak. Vettem k\u00e9t olcs\u00f3 n\u00e9gyzet alak\u00fa p\u00e1rn\u00e1t, aminek az eredeti huzat\u00e1b\u00f3l majd csin\u00e1lok valami m\u00e1st.<\/p>\r\n<p><img class=\"size-medium wp-image-38 aligncenter\" src=\"https:\/\/creativeellie.cafeblog.hu\/files\/2016\/11\/szivacs-168x300.jpg\" alt=\"szivacs\" width=\"168\" height=\"300\" \/><\/p>\r\n<p>Fogtam \u00e9s m\u00e9retre v\u00e1gtam. Bevallom nem lett szab\u00e1lyos k\u00f6r, mert a legegyszer\u0171bb megold\u00e1st v\u00e1lasztottam: r\u00e1raktam a sz\u00e9kre \u00e9s alulr\u00f3l k\u00f6rberajzoltam.<\/p>\r\n<p><img class=\"size-medium wp-image-39 aligncenter\" src=\"https:\/\/creativeellie.cafeblog.hu\/files\/2016\/11\/kerek-szivacs-181x300.jpg\" alt=\"kerek-szivacs\" width=\"181\" height=\"300\" \/><\/p>\r\n<p>Varrtam r\u00e1 egy huzatot, \u00e9s k\u00e9sz. Hogy min\u00e9l kev\u00e9sb\u00e9 cs\u00faszk\u00e1ljon a sz\u00e9ken, nem csak a n\u00e9gy l\u00e1b\u00e1n\u00e1l van k\u00f6t\u00f6z\u0151, hanem van egy p\u00e1r hossz\u00fa k\u00f6t\u00f6z\u0151je, aminek egyik fele a p\u00e1rna elej\u00e9n\u00e9l, m\u00e1sik a p\u00e1rna h\u00e1tulj\u00e1n\u00e1l van, \u00e9s az \u00fcl\u0151ke alatt k\u00f6z\u00e9pen van masnira k\u00f6tve.<\/p>\r\n<p><img class=\"size-medium wp-image-40 aligncenter\" src=\"https:\/\/creativeellie.cafeblog.hu\/files\/2016\/11\/sz\u00e9kp\u00e1rna-164x300.jpg\" alt=\"szekparna\" width=\"164\" height=\"300\" \/><\/p>\r\n<p>&nbsp;<\/p>\r\n<p>&nbsp;<\/p>","type":"rich"}