{"version":"1.0","provider_name":"Creative Ellie","provider_url":"https:\/\/creativeellie.cafeblog.hu","author_name":"creative ellie","author_url":"https:\/\/creativeellie.cafeblog.hu\/author\/creative_ellie\/","title":"Elef\u00e1nt a kar\u00e1csonyf\u00e1n","html":"<p>Minden \u00e9vben van valamilyen kar\u00e1csonyfad\u00edsz amire r\u00e1kattanok. Olyankor azt gy\u00e1rtom sorozatban. Tavaly a textil szaloncukrokon volt a sor. Egy\u00e1ltal\u00e1n nem neh\u00e9z elk\u00e9sz\u00edteni \u0151ket. Veszel egy t\u00e9glalapot (att\u00f3l f\u00fcgg mekkora szaloncukrot akarsz), a r\u00f6videbb oldalaira r\u00e1varrod a csipk\u00e9t. A hosszabb oldalait \u00f6sszevarrod, kiford\u00edtod, alul \u00f6sszeh\u00fazod, kit\u00f6m\u00f6d, fel\u00fcl \u00f6sszeh\u00fazod, akaszt\u00f3t r\u00e1 \u00e9s k\u00e9sz :)<\/p>\r\n<p>Pirosakkal kezdtem:<\/p>\r\n<p><img class=\"aligncenter wp-image-118 size-medium\" src=\"https:\/\/creativeellie.cafeblog.hu\/files\/2016\/12\/pirosszaloncukor-300x300.jpg\" alt=\"pirosszaloncukor\" width=\"300\" height=\"300\" \/><\/p>\r\n<p>Azt\u00e1n j\u00f6tt a t\u00f6bbi :)<\/p>\r\n<p><img class=\"aligncenter wp-image-119 size-medium\" src=\"https:\/\/creativeellie.cafeblog.hu\/files\/2016\/12\/kekszaloncukor-300x300.jpg\" alt=\"kekszaloncukor\" width=\"300\" height=\"300\" \/><\/p>\r\n<p>M\u00e1s mint\u00e1val is j\u00f3l n\u00e9z ki:<\/p>\r\n<p><img class=\"size-medium wp-image-121 aligncenter\" src=\"https:\/\/creativeellie.cafeblog.hu\/files\/2016\/12\/pinkszaloncukor-300x300.jpg\" alt=\"pinkszaloncukor\" width=\"300\" height=\"300\" \/><\/p>\r\n<p>kar\u00e1csonyi mint\u00e1s:<\/p>\r\n<p><img class=\"aligncenter wp-image-123 size-large\" src=\"https:\/\/creativeellie.cafeblog.hu\/files\/2016\/12\/zoldszaloncukor-600x337.jpg\" alt=\"zoldszaloncukor\" width=\"600\" height=\"337\" \/><\/p>\r\n<p>&nbsp;<\/p>\r\n<p>Id\u00e9n \u00fagy gondoltam, hogy kipr\u00f3b\u00e1lom milyen valami teljesen m\u00e1s mint\u00e1val, aminek semmi k\u00f6ze a kar\u00e1csonyhoz. J\u00f6hettek az elef\u00e1ntok :)<\/p>\r\n<p><img class=\"aligncenter wp-image-134 size-large\" src=\"https:\/\/creativeellie.cafeblog.hu\/files\/2016\/12\/elefantszaloncukor-600x497.jpg\" alt=\"elefantszaloncukor\" width=\"600\" height=\"497\" \/><\/p>\r\n<p>&nbsp;<\/p>\r\n<p><img class=\"aligncenter wp-image-135 size-large\" src=\"https:\/\/creativeellie.cafeblog.hu\/files\/2016\/12\/elefantosszaloncukor-365x600.jpg\" alt=\"elefantosszaloncukor\" width=\"365\" height=\"600\" \/><\/p>\r\n<p>Felker\u00fcltek a minif\u00e1ra:<\/p>\r\n<p><img class=\"wp-image-136 size-large aligncenter\" src=\"https:\/\/creativeellie.cafeblog.hu\/files\/2016\/12\/fa1-353x600.jpg\" alt=\"fa1\" width=\"353\" height=\"600\" \/><\/p>\r\n<p>J\u00f3l mutatnak az adventi koszor\u00fa mellett is :)<\/p>\r\n<p><img class=\"aligncenter wp-image-139 size-large\" src=\"https:\/\/creativeellie.cafeblog.hu\/files\/2016\/12\/fa2-1-340x600.jpg\" alt=\"fa2\" width=\"340\" height=\"600\" \/><\/p>\r\n<p>&nbsp;<\/p>\r\n<p>Ha tetszett a bejegyz\u00e9s, oszd meg m\u00e1ssal is :) <!--more--><!--more--><\/p>\r\n<p>&nbsp;<\/p>","type":"rich"}