{"version":"1.0","provider_name":"Creative Ellie","provider_url":"https:\/\/creativeellie.cafeblog.hu","author_name":"creative ellie","author_url":"https:\/\/creativeellie.cafeblog.hu\/author\/creative_ellie\/","title":"Gomb h\u00e1t\u00e1n gomb","html":"<p>Im\u00e1dom a gombokat. Mondhatni gombm\u00e1ni\u00e1s vagyok. Viszont a gombok el\u00e9g dr\u00e1g\u00e1k, sajnos. Hogy lehet m\u00e9gis olcs\u00f3n, t\u00f6k j\u00f3, egyedi gombokat beszerezni? Ir\u00e1ny a turk\u00e1l\u00f3. A legjobb a kil\u00f3s. Abb\u00f3l is a naponta cs\u00f6kken\u0151 \u00e1ras. 400 vagy 200 Ft-os napon j\u00f3 es\u00e9llyel nem nagyon tal\u00e1lsz m\u00e1r\u00a0 haszn\u00e1lhat\u00f3 ruh\u00e1t, viszont nagyon kir\u00e1ly gombokra\u00a0 tehetsz szert :) Sokkal de sokkal olcs\u00f3bban hozz\u00e1 lehet jutni egyedi gombokhoz, mintha r\u00f6vid\u00e1ru boltban venn\u00e9 meg az ember. S\u0151t, n\u00e9ha m\u00e9g maga a ruha is haszn\u00e1lhat\u00f3.<\/p>\r\n<p>Vettem p\u00e9ld\u00e1ul ezt a lila kardig\u00e1nt. L\u00e1tszik, hogy j\u00f3 n\u00e9h\u00e1ny gomb hi\u00e1nyzik r\u00f3la; nyilv\u00e1n ez\u00e9rt nem vitte el senki. De nekem \u00fagyis csak a gombok kellenek.<\/p>\r\n<p><img class=\"aligncenter wp-image-242 size-large\" src=\"https:\/\/creativeellie.cafeblog.hu\/files\/2017\/01\/lilakardigan1-473x600.jpg\" alt=\"lilakardigan1\" width=\"473\" height=\"600\" \/><\/p>\r\n<p>\u00a0<img class=\"aligncenter wp-image-246 size-large\" src=\"https:\/\/creativeellie.cafeblog.hu\/files\/2017\/01\/lilakardigan3-450x600.jpg\" alt=\"lilakardigan3\" width=\"450\" height=\"600\" \/><\/p>\r\n<p>Vagy itt ez a m\u00e1sik fels\u0151:<\/p>\r\n<p><img class=\"aligncenter wp-image-247 size-large\" src=\"https:\/\/creativeellie.cafeblog.hu\/files\/2017\/01\/lilazold1-477x600.jpg\" alt=\"lilazold1\" width=\"477\" height=\"600\" \/><\/p>\r\n<p>A k\u00e9t pulcsir\u00f3l ennyi gombot szedtem le:<\/p>\r\n<p><img class=\"aligncenter wp-image-263 size-large\" src=\"https:\/\/creativeellie.cafeblog.hu\/files\/2017\/01\/lilagombok-600x539.jpg\" alt=\"lilagombok\" width=\"600\" height=\"539\" \/><\/p>\r\n<p>Eml\u00edtettem, hogy el\u0151fordul, hogy maga a ruha is haszn\u00e1lhat\u00f3. Ezt a piros kardig\u00e1n p\u00e9ld\u00e1ul ilyen. M\u00e1s gombokkal, teljesen j\u00f3. Az\u00e9rt kellenek r\u00e1 m\u00e1s gombok mert az eredetib\u0151l n\u00e9h\u00e1ny hi\u00e1nyzik, illetve azokat m\u00e1sra szeretn\u00e9m majd haszn\u00e1lni.<\/p>\r\n<p><img class=\"aligncenter wp-image-244 size-large\" src=\"https:\/\/creativeellie.cafeblog.hu\/files\/2017\/01\/piroskardigan-600x536.jpg\" alt=\"piroskardigan\" width=\"600\" height=\"536\" \/><\/p>\r\n<p>Az eredeti gombok t\u00f6k j\u00f3 csillog\u00f3sak.<\/p>\r\n<p><img class=\"aligncenter wp-image-258 size-large\" src=\"https:\/\/creativeellie.cafeblog.hu\/files\/2017\/01\/piroskardigan2-450x600.jpg\" alt=\"piroskardigan2\" width=\"450\" height=\"600\" \/><\/p>\r\n<p>Olyan is el\u0151fordult m\u00e1r, hogy megvettem egy bl\u00e9zert a gombok miatt, a ruh\u00e1t mag\u00e1t pedig egy ismer\u0151snek adtam, mert r\u00e1m kicsi volt. \u0150 varrt r\u00e1 \u00faj gombokat, \u00e9s az\u00f3ta is haszn\u00e1lja. \u00cdgy mindketten j\u00f3l j\u00e1rtunk, \u00e9s m\u00e9g \u00fajrahasznos\u00edtottunk is :)<\/p>\r\n<p>A fekete ingb\u0151l pedig amin ezek a gombok voltak, b\u00e9l\u00e9s lesz.<\/p>\r\n<p><img class=\"aligncenter wp-image-264 size-large\" src=\"https:\/\/creativeellie.cafeblog.hu\/files\/2017\/01\/gombok2-496x600.jpg\" alt=\"gombok2\" width=\"496\" height=\"600\" \/><\/p>\r\n<p>&nbsp;<\/p>\r\n<p>\u00c9s hogy l\u00e1tsz\u00f3djon, hogy t\u00e9nyleg haszn\u00e1lom a leszedett gombokat, \u00edme egy sz\u00edvecske ami kulcstart\u00f3 lesz. Egy kordnadr\u00e1g lev\u00e1gott sz\u00e1rr\u00e9sz\u00e9b\u0151l (mert a nadr\u00e1g t\u00fal hossz\u00fa volt) \u00e9s a lila gombokb\u00f3l.<\/p>\r\n<p><img class=\"size-large wp-image-342 aligncenter\" src=\"https:\/\/creativeellie.cafeblog.hu\/files\/2017\/01\/kordsziv1-427x600.jpg\" alt=\"\" width=\"427\" height=\"600\" \/><\/p>\r\n<p>&nbsp;<\/p>\r\n<p>Sz\u00f3val hajr\u00e1, ir\u00e1ny a turk\u00e1l\u00f3, gombvad\u00e1szatra fel :)<\/p>\r\n<p>K\u00f6sz\u00f6n\u00f6m, hogy elolvastad, ha tetszett, oszd meg m\u00e1ssal is!<\/p>\r\n<p>&nbsp;<\/p>","type":"rich"}